{"id":500,"date":"2020-04-22T15:32:47","date_gmt":"2020-04-22T15:32:47","guid":{"rendered":"https:\/\/udruga-impress.hr\/?page_id=500"},"modified":"2021-01-19T23:12:04","modified_gmt":"2021-01-19T23:12:04","slug":"organizacijska-struktura","status":"publish","type":"page","link":"https:\/\/udruga-impress.hr\/en\/o-nama\/organizacijska-struktura\/","title":{"rendered":"ORGANIZATIONAL STRUCTURE"},"content":{"rendered":"<h1><img fetchpriority=\"high\" decoding=\"async\" class=\"alignnone size-full wp-image-719\" src=\"https:\/\/udruga-impress.hr\/wp-content\/uploads\/2020\/04\/organization-chart-2556925_1280-e1587604916480.jpg\" alt=\"\" width=\"1280\" height=\"374\" \/><\/h1>\n<h1><a name=\"_Toc38454424\"><\/a>Organizacijska struktura<\/h1>\n<p><strong>Predsjednica:<\/strong><br \/>\nTanja Herceg, mag.psych., doktorandica<\/p>\n<p><strong>Izvr\u0161ni odbor:<\/strong><br \/>\nPredsjednica \u2013 Tanja Herceg<br \/>\nDopredsjednik \u2013 Vladimir Kere\u010deni<br \/>\nIzvr\u0161ni direktor \u2013 Dubravko \u0160opar<\/p>\n<p><strong>Zaposlenici:<\/strong><\/p>\n<p>Bojan Bla\u017eevi\u0107<br \/>\nRonaldo Rovazdi<br \/>\nNikolina Vojta<br \/>\nMagdalena Mijatovi\u0107<br \/>\nMaja Kop<br \/>\nLoida \u0160erfezi<br \/>\nMatea Ru\u017ei\u0107<br \/>\nLeo Fel<br \/>\nBojana Veki\u0107<\/p>\n<p>Marko Bogdan<br \/>\nAna Kola\u010dek<br \/>\nAngelina Mlinari\u0107<br \/>\nDragica Lovri\u0107<br \/>\nJasmina Lunjak<br \/>\nJasminka Geler Leder<br \/>\nJosip Dvo\u017ea\u010dek<br \/>\nLuciano Bosanac<br \/>\nMara Pejazi\u0107<br \/>\nMirjana Vidakovi\u0107<br \/>\nRajka Bosanac<br \/>\nSenka Zailac<br \/>\nSnje\u017eana Taka\u010d<br \/>\nVesna Herceg<br \/>\n\u017darko Aland\u017eak<\/p>\n<p><strong><i>Pro\u0161li djelatnici:<\/i><\/strong><\/p>\n<p><em>Tana Mutombo<\/em><i><br \/>\n<\/i><em>Luka Tunji\u0107, mag.psych.<\/em><br \/>\n<em>Ana Obajdin, mag.cin.<\/em><i><br \/>\n<\/i><em>Melita Prani\u0107, mag.psych.<\/em><\/p>\n<p><strong>Pripravnici:<\/strong><\/p>\n<p>Omer Onem Yetkin, Turska<\/p>\n<p><strong>EVS\/ESC volonteri:<\/strong><\/p>\n<p>Natalia Danilova, Rusija<br \/>\nManik Sergoyan, Armenija<br \/>\nAnahit Ghazaryan, Armenija<\/p>\n<p><strong><em>Pro\u0161li volonteri:<\/em><\/strong><\/p>\n<p><em>Sara Mutombo; Belgium<\/em><br \/>\n<em>Elif Gonultas; Turkey<\/em><br \/>\n<em>Ayturk Aga; Turkey<\/em><br \/>\n<em>Selman Ertas; Turkey<\/em><i><br \/>\n<\/i><em>Taha Burak Altun, Turkey<\/em><i><br \/>\n<\/i><em>Ali Emre Bayramoglu, Turkey<\/em><i><br \/>\n<\/i><em>Ece Kavut, Turkey<\/em><i><br \/>\n<\/i><em><span lang=\"EN-GB\">Aleyna Damlasu Abdiko\u011flu, Turkey<\/span><\/em><i><span lang=\"EN-GB\"><br \/>\n<\/span><\/i><em>Melek Yigin, Turkey<\/em><i><br \/>\n<\/i><em>Elif Meltem Bilgin, Turkey<\/em><\/p>\n<p><strong>Volonteri:<\/strong><\/p>\n<p><strong>2019. godina<\/strong><br \/>\nBroj volontera:\u00a097<br \/>\nBroj volonterskih sati:\u00a09473<\/p>\n<p><strong>2018. godina<\/strong><br \/>\nBroj volontera:\u00a094<br \/>\nBroj volonterskih sati:\u00a09975<\/p>\n<p><strong>2017. godina<\/strong><br \/>\nBroj volontera:\u00a0105<br \/>\nBroj volonterskih sati:\u00a011278<\/p>\n<p><strong>2016. godina<\/strong><br \/>\nBroj volontera:\u00a0126<br \/>\nBroj volonterskih sati:\u00a013775<\/p>\n<p><strong>2015. godina<\/strong><br \/>\nBroj volontera: 118<br \/>\nBroj volonterskih sati:\u00a016623<\/p>","protected":false},"excerpt":{"rendered":"<p>Organizacijska struktura Predsjednica: Tanja Herceg, mag.psych., doktorandica Izvr\u0161ni odbor: Predsjednica \u2013 Tanja Herceg Dopredsjednik \u2013 Vladimir Kere\u010deni Izvr\u0161ni direktor \u2013 Dubravko \u0160opar Zaposlenici: Bojan Bla\u017eevi\u0107 Ronaldo Rovazdi Nikolina Vojta Magdalena Mijatovi\u0107 Maja Kop Loida \u0160erfezi Matea Ru\u017ei\u0107 Leo Fel Bojana Veki\u0107 Marko Bogdan Ana Kola\u010dek Angelina Mlinari\u0107 Dragica Lovri\u0107 Jasmina Lunjak Jasminka Geler Leder Josip [&hellip;]<\/p>\n","protected":false},"author":1,"featured_media":0,"parent":464,"menu_order":0,"comment_status":"closed","ping_status":"closed","template":"","meta":{"footnotes":""},"class_list":["post-500","page","type-page","status-publish","hentry"],"_links":{"self":[{"href":"https:\/\/udruga-impress.hr\/en\/wp-json\/wp\/v2\/pages\/500","targetHints":{"allow":["GET"]}}],"collection":[{"href":"https:\/\/udruga-impress.hr\/en\/wp-json\/wp\/v2\/pages"}],"about":[{"href":"https:\/\/udruga-impress.hr\/en\/wp-json\/wp\/v2\/types\/page"}],"author":[{"embeddable":true,"href":"https:\/\/udruga-impress.hr\/en\/wp-json\/wp\/v2\/users\/1"}],"replies":[{"embeddable":true,"href":"https:\/\/udruga-impress.hr\/en\/wp-json\/wp\/v2\/comments?post=500"}],"version-history":[{"count":8,"href":"https:\/\/udruga-impress.hr\/en\/wp-json\/wp\/v2\/pages\/500\/revisions"}],"predecessor-version":[{"id":968,"href":"https:\/\/udruga-impress.hr\/en\/wp-json\/wp\/v2\/pages\/500\/revisions\/968"}],"up":[{"embeddable":true,"href":"https:\/\/udruga-impress.hr\/en\/wp-json\/wp\/v2\/pages\/464"}],"wp:attachment":[{"href":"https:\/\/udruga-impress.hr\/en\/wp-json\/wp\/v2\/media?parent=500"}],"curies":[{"name":"wp","href":"https:\/\/api.w.org\/{rel}","templated":true}]}}