{"id":5172,"date":"2023-04-12T05:41:29","date_gmt":"2023-04-12T05:41:29","guid":{"rendered":"https:\/\/udruga-impress.hr\/?page_id=5172"},"modified":"2023-04-12T06:05:08","modified_gmt":"2023-04-12T06:05:08","slug":"rezervacije","status":"publish","type":"page","link":"https:\/\/udruga-impress.hr\/en\/rezervacije\/","title":{"rendered":"Rezervacije"},"content":{"rendered":"<p><img fetchpriority=\"high\" decoding=\"async\" class=\"alignnone wp-image-5176 size-full\" src=\"https:\/\/udruga-impress.hr\/wp-content\/uploads\/2023\/04\/zastavica-eu.png\" alt=\"\" width=\"303\" height=\"180\" \/><\/p>\n<style>\r\n    .bookme-form-error,\r\n    .bookme-steps > li,\r\n    .bookme-steps > li.bookme-steps-is-active:before,\r\n    .bookme-modal a {\r\n        color: #6B76FF !important;\r\n    }\r\n\r\n    .bookme-booking-form .bookme-error,\r\n    .bookme-steps > li:before,\r\n    .bookme-steps > li.bookme-steps-is-active:before {\r\n        border-color: #6B76FF !important;\r\n    }\r\n\r\n    .bookme-button,\r\n    .bookme-booking-form .bookme-box-loader .bookme-loader:after,\r\n    .bookme-booking-form .bookme-calendar.bookme-loader:after,\r\n    .bookme-steps > li:before,\r\n    .bookme-steps > li:after{\r\n        background-color: #6B76FF !important;\r\n    }\r\n\r\n    .clndr .clndr-controls,\r\n    .clndr .clndr-table tr .day:hover,\r\n    .clndr .clndr-table tr .day.selected.event,\r\n    .clndr .clndr-table tr .next-month:hover,\r\n    .clndr .clndr-table tr .day.selected {\r\n        background-color: #6B76FF;\r\n    }\r\n\r\n    .bookme-button,\r\n    .bookme-steps > li:before{\r\n        color: #FFFFFF !important;\r\n    }\r\n\r\n    .clndr .clndr-controls .clndr-month,\r\n    .clndr .clndr-controls .clndr-control-button span,\r\n    .clndr .clndr-table tr .day:hover,\r\n    .clndr .clndr-table tr .day.selected.event,\r\n    .clndr .clndr-table tr .day.selected,\r\n    .clndr .clndr-table tr .day .selected .event .day-contents {\r\n        color: #FFFFFF;\r\n    }\r\n\r\n    .bookme-booking-form .bookme-loader:after {\r\n        background-color: #FFFFFF !important;\r\n    }\r\n    \r\n    .bookme-steps > li.bookme-steps-is-active:before {\r\n        background-color: transparent !important;\r\n    }\r\n<\/style>\r\n<div id=\"bookme-booking-form-69f29b7e8e219\" class=\"bookme-booking-form\" data-form_id=\"69f29b7e8e219\"><div class=\"bookme-box-loader\"><div class=\"bookme-loader\"><\/div><\/div><\/div>\r\n<script>\r\n    (function ($) {\r\n        window.bookme(\r\n            \"69f29b7e8e219\",\r\n            {\"category_id\":1,\"service_id\":0,\"staff_member_id\":1,\"hide_categories\":false,\"hide_services\":false,\"hide_staff_members\":false,\"show_number_of_persons\":false,\"show_service_duration\":false},\r\n            {\"service_left\":0},\r\n            {\"status\":\"new\"}        );\r\n    })(jQuery);\r\n<\/script>\n<p>&nbsp;<\/p>\n<p><img fetchpriority=\"high\" decoding=\"async\" class=\"alignnone wp-image-5176 size-full\" src=\"https:\/\/udruga-impress.hr\/wp-content\/uploads\/2023\/04\/zastavica-eu.png\" alt=\"\" width=\"303\" height=\"180\" \/><\/p>\n<p>&nbsp;<\/p>\n<p><strong>NAZIV PROJEKTA<\/strong>: KU\u0106A MOGU\u0106NOSTI<br \/>\n<strong>NAZIV KORISNIKA:<\/strong> UDRUGA ZA PROMICANJE POZITIVNE AFIRMACIJE MLADIH U DRU\u0160TVU \u201eIMPRESS\u201c DARUVAR<br \/>\n<strong>PARTNERI NA PROJEKTU<\/strong>: CENTAR ZA RAZVOJ OSOBNIH KOMPETENCIJA I ZA\u0160TITU LJUDSKIH PRAVA I GRAD DARUVAR<\/p>\n<p><strong>KRATKI OPIS PROJEKTA:<\/strong> Ku\u0107a Mogu\u0107nosti prostor je koji nudi priliku oja\u010dati vje\u0161tine i kapacitete te poja\u010dati suradnju svih generacija. Sam projekt osna\u017euje postoje\u0107e i izgra\u0111uje nove socijalne mre\u017ee te pove\u0107ava kvalitetu ljudskih resursa i doprinijeti izgradnji povjerenja i reciprociteta izme\u0111u gra\u0111ana i donositelja odluka na lokalnoj, regionalnoj, nacionalnoj i europskoj razini. U sklopu poziva prostori sudjelovanja Udruga Impress u partnerstvu s Gradom Daruvarom i udrugom Centar za razvoj osobnih kompetencija i za\u0161titu ljudskih prava odlu\u010dila je prostor svoje udruge u\u010diniti jo\u0161 boljim i pristupa\u010dnijim za korisnike svake dobi.<\/p>\n<p>Glavni cilj projekta je razvoj programa revitalizacije prostora u javnom vlasni\u0161tvu kroz partnerstvo OCD-a i lokalne zajednice.<\/p>\n<p style=\"text-align: center;\"><strong>Ukupan iznos projekta je: 1.986.166,00Kn. Europska unija je u okviru operativnog programa u\u010dinkoviti ljudski potencijali iz europskog socijalnog fonda sufinancirala iznos od 1.688.241,10Kn<\/strong><\/p>\n<p><strong>TRAJANJE PROJEKTA<\/strong>: 2.11.2020. \u2013 2.11.2022.<\/p>\n<p><img decoding=\"async\" class=\"alignnone wp-image-5175 size-full\" src=\"https:\/\/udruga-impress.hr\/wp-content\/uploads\/2023\/04\/lenta.png\" alt=\"\" width=\"1101\" height=\"430\" \/><\/p>\n<p><img decoding=\"async\" class=\"alignnone wp-image-5178\" src=\"https:\/\/udruga-impress.hr\/wp-content\/uploads\/2023\/04\/Ured-za-udruge-1-750x510.png\" alt=\"\" width=\"200\" height=\"141\" \/> <img loading=\"lazy\" decoding=\"async\" class=\"alignnone size-full wp-image-5177\" src=\"https:\/\/udruga-impress.hr\/wp-content\/uploads\/2023\/04\/ZAKLADA-logo-1.jpg\" alt=\"\" width=\"92\" height=\"67\" \/><\/p>\n<p>Projekt je sufinancirala Europska unija iz Europskog socijalnog fonda. Sadr\u017eaj mre\u017ene stranice isklju\u010diva je odgovornost Udruge Impress.<\/p>\n<p><em>Za vi\u0161e o EU fondovima: www.esf.hr i <a href=\"http:\/\/www.strukturnifondovi.hr\">www.strukturnifondovi.hr<\/a><\/em><\/p>\n<p><img fetchpriority=\"high\" decoding=\"async\" class=\"alignnone wp-image-5176 size-full\" src=\"https:\/\/udruga-impress.hr\/wp-content\/uploads\/2023\/04\/zastavica-eu.png\" alt=\"\" width=\"303\" height=\"180\" \/><\/p>","protected":false},"excerpt":{"rendered":"<p>&nbsp; &nbsp; NAZIV PROJEKTA: KU\u0106A MOGU\u0106NOSTI NAZIV KORISNIKA: UDRUGA ZA PROMICANJE POZITIVNE AFIRMACIJE MLADIH U DRU\u0160TVU \u201eIMPRESS\u201c DARUVAR PARTNERI NA PROJEKTU: CENTAR ZA RAZVOJ OSOBNIH KOMPETENCIJA I ZA\u0160TITU LJUDSKIH PRAVA I GRAD DARUVAR KRATKI OPIS PROJEKTA: Ku\u0107a Mogu\u0107nosti prostor je koji nudi priliku oja\u010dati vje\u0161tine i kapacitete te poja\u010dati suradnju svih generacija. Sam projekt osna\u017euje [&hellip;]<\/p>\n","protected":false},"author":5,"featured_media":0,"parent":0,"menu_order":0,"comment_status":"closed","ping_status":"closed","template":"","meta":{"footnotes":""},"class_list":["post-5172","page","type-page","status-publish","hentry"],"_links":{"self":[{"href":"https:\/\/udruga-impress.hr\/en\/wp-json\/wp\/v2\/pages\/5172","targetHints":{"allow":["GET"]}}],"collection":[{"href":"https:\/\/udruga-impress.hr\/en\/wp-json\/wp\/v2\/pages"}],"about":[{"href":"https:\/\/udruga-impress.hr\/en\/wp-json\/wp\/v2\/types\/page"}],"author":[{"embeddable":true,"href":"https:\/\/udruga-impress.hr\/en\/wp-json\/wp\/v2\/users\/5"}],"replies":[{"embeddable":true,"href":"https:\/\/udruga-impress.hr\/en\/wp-json\/wp\/v2\/comments?post=5172"}],"version-history":[{"count":5,"href":"https:\/\/udruga-impress.hr\/en\/wp-json\/wp\/v2\/pages\/5172\/revisions"}],"predecessor-version":[{"id":5182,"href":"https:\/\/udruga-impress.hr\/en\/wp-json\/wp\/v2\/pages\/5172\/revisions\/5182"}],"wp:attachment":[{"href":"https:\/\/udruga-impress.hr\/en\/wp-json\/wp\/v2\/media?parent=5172"}],"curies":[{"name":"wp","href":"https:\/\/api.w.org\/{rel}","templated":true}]}}